{"id":249,"date":"2022-01-12T13:55:05","date_gmt":"2022-01-12T12:55:05","guid":{"rendered":"http:\/\/81.26.5.67\/?page_id=249"},"modified":"2022-01-25T14:09:04","modified_gmt":"2022-01-25T13:09:04","slug":"zeszyty-naukowe-politechniki-swietokrzyskiej-seria-nauki-spoleczno-ekonomiczne-nauki-ekonomiczne","status":"publish","type":"page","link":"https:\/\/lib.tu.kielce.pl\/index.php\/zeszyty-naukowe-politechniki-swietokrzyskiej-seria-nauki-spoleczno-ekonomiczne-nauki-ekonomiczne\/","title":{"rendered":"Zeszyty Naukowe Politechniki \u015awi\u0119tokrzyskiej. Seria Nauki Spo\u0142eczno-Ekonomiczne \/ Nauki Ekonomiczne"},"content":{"rendered":"\n<p>Seri\u0119 rozpocz\u0119\u0142o wydanie w roku 1969 numeru 1 w ramach Zeszyt\u00f3w Naukowych Kielecko-Radomskiej Wy\u017cszej Szko\u0142y In\u017cynierskiej pod nazw\u0105 Problemy Spo\u0142eczno-Ekonomiczne. W latach 1974-1991 seria ukazywa\u0142a si\u0119 pod nazw\u0105 Zeszyty Naukowe Politechniki \u015awi\u0119tokrzyskiej. Nauki Spo\u0142eczno-Ekonomiczne, a w latach 1994-2006 Nauki Ekonomiczne.<\/p>\n\n\n\n<p>Linki do zeskanowanych spis\u00f3w tre\u015bci poszczeg\u00f3lnych zeszyt\u00f3w znajduj\u0105 si\u0119 pod kolejnymi numerami.<\/p>\n\n\n\n<figure class=\"wp-block-table is-style-regular\"><table><tbody><tr><td class=\"has-text-align-center\" data-align=\"center\"><strong>Numer<\/strong><\/td><td class=\"has-text-align-center\" data-align=\"center\"><strong>Rok<\/strong><\/td><td><strong>Tytu\u0142<\/strong><\/td><\/tr><tr><td class=\"has-text-align-center\" data-align=\"center\"><a href=\"\/dok\/spisytresci\/NaukiSpolecznoEkonomiczne\/1.PDF\" target=\"_blank\" rel=\"noreferrer noopener\"><strong>1<\/strong><\/a><\/td><td class=\"has-text-align-center\" data-align=\"center\">1969<\/td><td>Materia\u0142y przygotowane na sesj\u0119 naukow\u0105 zorganizowan\u0105 przez Mi\u0119dzyzak\u0142adowy Zesp\u00f3\u0142 Nauk Spo\u0142eczno-Politycznych WSI oraz Zarz\u0105d Oddzia\u0142u Wojew\u00f3dzkiego Polskiego Towarzystwa Ekonomicznego w Kielcach<\/td><\/tr><tr><td class=\"has-text-align-center\" data-align=\"center\"><a href=\"\/dok\/spisytresci\/NaukiSpolecznoEkonomiczne\/2.PDF\" target=\"_blank\" rel=\"noreferrer noopener\"><strong>2<\/strong><\/a><\/td><td class=\"has-text-align-center\" data-align=\"center\">1974<\/td><td><\/td><\/tr><tr><td class=\"has-text-align-center\" data-align=\"center\"><a href=\"\/dok\/spisytresci\/NaukiSpolecznoEkonomiczne\/3.PDF\" target=\"_blank\" rel=\"noreferrer noopener\"><strong>3<\/strong><\/a><\/td><td class=\"has-text-align-center\" data-align=\"center\">1974<\/td><td><\/td><\/tr><tr><td class=\"has-text-align-center\" data-align=\"center\"><a href=\"\/dok\/spisytresci\/NaukiSpolecznoEkonomiczne\/4.PDF\" target=\"_blank\" rel=\"noreferrer noopener\"><strong>4<\/strong><\/a><\/td><td class=\"has-text-align-center\" data-align=\"center\">1975<\/td><td><\/td><\/tr><tr><td class=\"has-text-align-center\" data-align=\"center\"><a href=\"\/dok\/spisytresci\/NaukiSpolecznoEkonomiczne\/5.PDF\" target=\"_blank\" rel=\"noreferrer noopener\"><strong>5<\/strong><\/a><\/td><td class=\"has-text-align-center\" data-align=\"center\">1978<\/td><td><\/td><\/tr><tr><td class=\"has-text-align-center\" data-align=\"center\"><a href=\"\/dok\/spisytresci\/NaukiSpolecznoEkonomiczne\/6.PDF\" target=\"_blank\" rel=\"noreferrer noopener\"><strong>6<\/strong><\/a><\/td><td class=\"has-text-align-center\" data-align=\"center\">1979<\/td><td><\/td><\/tr><tr><td class=\"has-text-align-center\" data-align=\"center\"><a href=\"\/dok\/spisytresci\/NaukiSpolecznoEkonomiczne\/7.PDF\" target=\"_blank\" rel=\"noreferrer noopener\"><strong>7<\/strong><\/a><\/td><td class=\"has-text-align-center\" data-align=\"center\">1980<\/td><td>Klasa robotnicza na Kielecczy\u017anie<\/td><\/tr><tr><td class=\"has-text-align-center\" data-align=\"center\"><a href=\"\/dok\/spisytresci\/NaukiSpolecznoEkonomiczne\/8.PDF\" target=\"_blank\" rel=\"noreferrer noopener\"><strong>8<\/strong><\/a><\/td><td class=\"has-text-align-center\" data-align=\"center\">1981<\/td><td><\/td><\/tr><tr><td class=\"has-text-align-center\" data-align=\"center\"><a href=\"\/dok\/spisytresci\/NaukiSpolecznoEkonomiczne\/9.PDF\" target=\"_blank\" rel=\"noreferrer noopener\"><strong>9<\/strong><\/a><\/td><td class=\"has-text-align-center\" data-align=\"center\">1982<\/td><td>Partia robotnicza a ruch m\u0142odzie\u017cy na Kielecczy\u017anie w latach 1890-1982<\/td><\/tr><tr><td class=\"has-text-align-center\" data-align=\"center\"><a href=\"\/dok\/spisytresci\/NaukiSpolecznoEkonomiczne\/10.PDF\" target=\"_blank\" rel=\"noreferrer noopener\"><strong>10<\/strong><\/a><\/td><td class=\"has-text-align-center\" data-align=\"center\">1983<\/td><td><\/td><\/tr><tr><td class=\"has-text-align-center\" data-align=\"center\"><a href=\"\/dok\/spisytresci\/NaukiSpolecznoEkonomiczne\/11.PDF\" target=\"_blank\" rel=\"noreferrer noopener\"><strong>11<\/strong><\/a><\/td><td class=\"has-text-align-center\" data-align=\"center\">1983<\/td><td>Post\u0119p techniczny w rozwoju gospodarki regionu. Konferencja Naukowa Politechniki \u015awi\u0119tokrzyskiej, Kielce 30 wrzesie\u0144 &#8211; 1 pa\u017adziernik 1983<\/td><\/tr><tr><td class=\"has-text-align-center\" data-align=\"center\"><a href=\"\/dok\/spisytresci\/NaukiSpolecznoEkonomiczne\/12.PDF\" target=\"_blank\" rel=\"noreferrer noopener\"><strong>12<\/strong><\/a><\/td><td class=\"has-text-align-center\" data-align=\"center\">1984<\/td><td>Spo\u0142eczno-ekonomiczne problemy Kielecczyzny w Polsce Ludowej (1944-1984)<\/td><\/tr><tr><td class=\"has-text-align-center\" data-align=\"center\"><a href=\"\/dok\/spisytresci\/NaukiSpolecznoEkonomiczne\/13.PDF\" target=\"_blank\" rel=\"noreferrer noopener\"><strong>13<\/strong><\/a><\/td><td class=\"has-text-align-center\" data-align=\"center\">1984<\/td><td><\/td><\/tr><tr><td class=\"has-text-align-center\" data-align=\"center\"><a href=\"\/dok\/spisytresci\/NaukiSpolecznoEkonomiczne\/14.PDF\" target=\"_blank\" rel=\"noreferrer noopener\"><strong>14<\/strong><\/a><\/td><td class=\"has-text-align-center\" data-align=\"center\">1984<\/td><td>Warunki wdra\u017cania innowacji w organizacjach gospodarczych \/ Aleksander Osiak<\/td><\/tr><tr><td class=\"has-text-align-center\" data-align=\"center\"><a href=\"\/dok\/spisytresci\/NaukiSpolecznoEkonomiczne\/15.PDF\" target=\"_blank\" rel=\"noreferrer noopener\"><strong>15<\/strong><\/a><\/td><td class=\"has-text-align-center\" data-align=\"center\">1985<\/td><td>Kierunki rozwoju w najbli\u017cszym XX-leciu<\/td><\/tr><tr><td class=\"has-text-align-center\" data-align=\"center\"><a href=\"\/dok\/spisytresci\/NaukiSpolecznoEkonomiczne\/16.PDF\" target=\"_blank\" rel=\"noreferrer noopener\"><strong>16<\/strong><\/a><\/td><td class=\"has-text-align-center\" data-align=\"center\">1986<\/td><td>Dialektyka przeobra\u017ce\u0144 politycznych. Konferencja wyk\u0142adowc\u00f3w nauk politycznych<\/td><\/tr><tr><td class=\"has-text-align-center\" data-align=\"center\"><a href=\"\/dok\/spisytresci\/NaukiSpolecznoEkonomiczne\/17.PDF\" target=\"_blank\" rel=\"noreferrer noopener\"><strong>17<\/strong><\/a><\/td><td class=\"has-text-align-center\" data-align=\"center\">1987<\/td><td>Zwi\u0105zek Zawodowy Pracownik\u00f3w Kolejowych PRL 1944-1957 \/ Janusz Jarosi\u0144ski<\/td><\/tr><tr><td class=\"has-text-align-center\" data-align=\"center\"><a href=\"\/dok\/spisytresci\/NaukiSpolecznoEkonomiczne\/18.PDF\" target=\"_blank\" rel=\"noreferrer noopener\"><strong>18<\/strong><\/a><\/td><td class=\"has-text-align-center\" data-align=\"center\">1988<\/td><td><\/td><\/tr><tr><td class=\"has-text-align-center\" data-align=\"center\"><a href=\"\/dok\/spisytresci\/NaukiSpolecznoEkonomiczne\/19.PDF\" target=\"_blank\" rel=\"noreferrer noopener\"><strong>19<\/strong><\/a><\/td><td class=\"has-text-align-center\" data-align=\"center\">1989<\/td><td>Gospodarstwo folwarczne w dobrach magnackich mi\u0119dzy Wis\u0142\u0105 a Pilic\u0105 w latach 1815-1864<\/td><\/tr><tr><td class=\"has-text-align-center\" data-align=\"center\"><a href=\"\/dok\/spisytresci\/NaukiSpolecznoEkonomiczne\/20.PDF\" target=\"_blank\" rel=\"noreferrer noopener\"><strong>20<\/strong><\/a><\/td><td class=\"has-text-align-center\" data-align=\"center\">1991<\/td><td>Wie\u015b kielecka w czasie okupacji niemieckiej (1939-1945). Studium historyczno-gospodarcze \/ Stanis\u0142aw Meducki<\/td><\/tr><tr><td class=\"has-text-align-center\" data-align=\"center\"><strong><a href=\"\/dok\/spisytresci\/NaukiSpolecznoEkonomiczne\/ZN-NE-21.pdf\" data-type=\"URL\" data-id=\"\/dok\/spisytresci\/NaukiSpolecznoEkonomiczne\/ZN-NE-21.pdf\" target=\"_blank\" rel=\"noreferrer noopener\">21<\/a><\/strong><\/td><td class=\"has-text-align-center\" data-align=\"center\">1994<\/td><td>Zarz\u0105dzanie ma\u0142ym i \u015brednim przedsi\u0119biorstwem. Tendencje w polskiej gospodarce, Kielce &#8211; 17 listopada 1994 r.<\/td><\/tr><tr><td class=\"has-text-align-center\" data-align=\"center\"><strong><a href=\"\/dok\/spisytresci\/NaukiSpolecznoEkonomiczne\/ZN-NE-22.pdf\" data-type=\"URL\" data-id=\"\/dok\/spisytresci\/NaukiSpolecznoEkonomiczne\/ZN-NE-22.pdf\" target=\"_blank\" rel=\"noreferrer noopener\">22<\/a><\/strong><\/td><td class=\"has-text-align-center\" data-align=\"center\">1995<\/td><td>Konferencja Naukowa Wsp\u00f3\u0142praca badawcza Politechniki \u015awi\u0119tokrzyskiej z krajowymi i zagranicznymi o\u015brodkami naukowymi i przemys\u0142owymi, 1-3 czerwca 1995 = International Conference Kielce University of Technology research cooperation with academic and industrial institutions, 1-3 June 1995<\/td><\/tr><tr><td class=\"has-text-align-center\" data-align=\"center\"><strong><a href=\"\/dok\/spisytresci\/NaukiSpolecznoEkonomiczne\/ZN-NE-23.pdf\" data-type=\"URL\" data-id=\"\/dok\/spisytresci\/NaukiSpolecznoEkonomiczne\/ZN-NE-23.pdf\" target=\"_blank\" rel=\"noreferrer noopener\">23<\/a><\/strong><\/td><td class=\"has-text-align-center\" data-align=\"center\">1995<\/td><td>Konferencja Naukowa Kszta\u0142cenie &#8211; zatrudnienie &#8211; sukces, Ameli\u00f3wka 18-20 wrze\u015bnia 1995 r.<\/td><\/tr><tr><td class=\"has-text-align-center\" data-align=\"center\"><strong><a href=\"\/dok\/spisytresci\/NaukiSpolecznoEkonomiczne\/ZN-NE-24.pdf\" data-type=\"URL\" data-id=\"\/dok\/spisytresci\/NaukiSpolecznoEkonomiczne\/ZN-NE-24.pdf\" target=\"_blank\" rel=\"noreferrer noopener\">24<\/a><\/strong><\/td><td class=\"has-text-align-center\" data-align=\"center\">1996<\/td><td>Mi\u0119dzynarodowa Konferencja Naukowa Restrukturyzacja &#8211; jako\u015b\u0107 &#8211; sukces, Ameli\u00f3wka 18-20 wrze\u015bnia 1996 r.<\/td><\/tr><tr><td class=\"has-text-align-center\" data-align=\"center\"><strong><a href=\"\/dok\/spisytresci\/NaukiSpolecznoEkonomiczne\/ZN-NE-25.pdf\" data-type=\"URL\" data-id=\"\/dok\/spisytresci\/NaukiSpolecznoEkonomiczne\/ZN-NE-25.pdf\" target=\"_blank\" rel=\"noreferrer noopener\">25<\/a><\/strong><\/td><td class=\"has-text-align-center\" data-align=\"center\">1997<\/td><td>Mi\u0119dzynarodowa Konferencja Naukowa Restrukturyzacja &#8211; jako\u015b\u0107 &#8211; sukces. Strategie naprawcze i rozwojowe firm w \u015bwietle integracji europejskiej, Ameli\u00f3wka, 1-3 pa\u017adziernika 1997<\/td><\/tr><tr><td class=\"has-text-align-center\" data-align=\"center\"><strong><a href=\"\/dok\/spisytresci\/NaukiSpolecznoEkonomiczne\/ZN-NE-26.pdf\" data-type=\"URL\" data-id=\"\/dok\/spisytresci\/NaukiSpolecznoEkonomiczne\/ZN-NE-26.pdf\" target=\"_blank\" rel=\"noreferrer noopener\">26<\/a><\/strong><\/td><td class=\"has-text-align-center\" data-align=\"center\">1998<\/td><td>Mi\u0119dzynarodowa Konferencja Naukowa Restrukturyzacja &#8211; jako\u015b\u0107 &#8211; sukces. Warunki uczestnictwa przedsi\u0119biorstw w procesie globalizacji gospodarki, Ameli\u00f3wka 14-16 wrze\u015bnia 1998 r.<\/td><\/tr><tr><td class=\"has-text-align-center\" data-align=\"center\"><strong><a href=\"\/dok\/spisytresci\/NaukiSpolecznoEkonomiczne\/ZN-NE-27.pdf\" data-type=\"URL\" data-id=\"\/dok\/spisytresci\/NaukiSpolecznoEkonomiczne\/ZN-NE-27.pdf\" target=\"_blank\" rel=\"noreferrer noopener\">27<\/a><\/strong><\/td><td class=\"has-text-align-center\" data-align=\"center\">1999<\/td><td>III Og\u00f3lnopolska Konferencja Kszta\u0142cenie ustawiczne in\u017cynier\u00f3w i menad\u017cer\u00f3w u progu III tysi\u0105clecia. Pod patronatem Ministra Edukacji Narodowej, Exbud-Centrum Biznesu, Kielce, 25-27 pa\u017adziernika 1999<\/td><\/tr><tr><td class=\"has-text-align-center\" data-align=\"center\"><strong><a href=\"\/dok\/spisytresci\/NaukiSpolecznoEkonomiczne\/ZN-NE-28.pdf\" data-type=\"URL\" data-id=\"\/dok\/spisytresci\/NaukiSpolecznoEkonomiczne\/ZN-NE-28.pdf\" target=\"_blank\" rel=\"noreferrer noopener\">28<\/a><\/strong><\/td><td class=\"has-text-align-center\" data-align=\"center\">2000<\/td><td>I Sympozjum Instytutu Ekonomii i Zarz\u0105dzania Politechniki \u015awi\u0119tokrzyskiej Ekonomia &#8211; technika &#8211; zarz\u0105dzanie<\/td><\/tr><tr><td class=\"has-text-align-center\" data-align=\"center\"><strong><a href=\"\/dok\/spisytresci\/NaukiSpolecznoEkonomiczne\/ZN-NE-29.pdf\" data-type=\"URL\" data-id=\"\/dok\/spisytresci\/NaukiSpolecznoEkonomiczne\/ZN-NE-29.pdf\" target=\"_blank\" rel=\"noreferrer noopener\">29<\/a><\/strong><\/td><td class=\"has-text-align-center\" data-align=\"center\">2001<\/td><td>II Sympozjum Instytutu Ekonomii i Zarz\u0105dzania Politechniki \u015awi\u0119tokrzyskiej Ekonomia &#8211; technika &#8211; zarz\u0105dzanie<\/td><\/tr><tr><td class=\"has-text-align-center\" data-align=\"center\"><strong><a href=\"\/dok\/spisytresci\/NaukiSpolecznoEkonomiczne\/ZN-NE-30.pdf\" data-type=\"URL\" data-id=\"\/dok\/spisytresci\/NaukiSpolecznoEkonomiczne\/ZN-NE-30.pdf\" target=\"_blank\" rel=\"noreferrer noopener\">30<\/a><\/strong><\/td><td class=\"has-text-align-center\" data-align=\"center\">2002<\/td><td>III Sympozjum Instytutu Ekonomii i Zarz\u0105dzania Politechniki \u015awi\u0119tokrzyskiej Ekonomia &#8211; technika &#8211; zarz\u0105dzanie<\/td><\/tr><tr><td class=\"has-text-align-center\" data-align=\"center\"><strong><a href=\"\/dok\/spisytresci\/NaukiSpolecznoEkonomiczne\/ZN-NE-31.pdf\" data-type=\"URL\" data-id=\"\/dok\/spisytresci\/NaukiSpolecznoEkonomiczne\/ZN-NE-31.pdf\" target=\"_blank\" rel=\"noreferrer noopener\">31<\/a><\/strong><\/td><td class=\"has-text-align-center\" data-align=\"center\">2003<\/td><td>IV Sympozjum Instytutu Ekonomii i Zarz\u0105dzania Politechniki \u015awi\u0119tokrzyskiej Ekonomia &#8211; technika &#8211; zarz\u0105dzanie cz\u0119\u015b\u0107 I<\/td><\/tr><tr><td class=\"has-text-align-center\" data-align=\"center\"><strong><a href=\"\/dok\/spisytresci\/NaukiSpolecznoEkonomiczne\/ZN-NE-32.pdf\" data-type=\"URL\" data-id=\"\/dok\/spisytresci\/NaukiSpolecznoEkonomiczne\/ZN-NE-32.pdf\" target=\"_blank\" rel=\"noreferrer noopener\">32<\/a><\/strong><\/td><td class=\"has-text-align-center\" data-align=\"center\">2004<\/td><td>V Sympozjum Instytutu Ekonomii i Zarz\u0105dzania Politechniki \u015awi\u0119tokrzyskiej Ekonomia &#8211; technika &#8211; zarz\u0105dzanie cz\u0119\u015b\u0107 II<\/td><\/tr><tr><td class=\"has-text-align-center\" data-align=\"center\"><strong><a href=\"\/dok\/spisytresci\/NaukiSpolecznoEkonomiczne\/ZN-NE-33.pdf\" data-type=\"URL\" data-id=\"\/dok\/spisytresci\/NaukiSpolecznoEkonomiczne\/ZN-NE-33.pdf\" target=\"_blank\" rel=\"noreferrer noopener\">33<\/a><\/strong><\/td><td class=\"has-text-align-center\" data-align=\"center\">2005<\/td><td>VI Sympozjum Instytutu Ekonomii i Zarz\u0105dzania Politechniki \u015awi\u0119tokrzyskiej Ekonomia &#8211; technika &#8211; zarz\u0105dzanie<\/td><\/tr><tr><td class=\"has-text-align-center\" data-align=\"center\"><strong><a href=\"\/dok\/spisytresci\/NaukiSpolecznoEkonomiczne\/ZN-NE-34.pdf\" data-type=\"URL\" data-id=\"\/dok\/spisytresci\/NaukiSpolecznoEkonomiczne\/ZN-NE-34.pdf\" target=\"_blank\" rel=\"noreferrer noopener\">34<\/a><\/strong><\/td><td class=\"has-text-align-center\" data-align=\"center\">2006<\/td><td>VII Sympozjum Instytutu Ekonomii i Zarz\u0105dzania Politechniki \u015awi\u0119tokrzyskiej Ekonomia &#8211; technika &#8211; zarz\u0105dzanie<\/td><\/tr><\/tbody><\/table><\/figure>\n","protected":false},"excerpt":{"rendered":"<p>Seri\u0119 rozpocz\u0119\u0142o wydanie w roku 1969 numeru 1 w ramach Zeszyt\u00f3w Naukowych Kielecko-Radomskiej Wy\u017cszej Szko\u0142y In\u017cynierskiej pod nazw\u0105 Problemy Spo\u0142eczno-Ekonomiczne. W latach 1974-1991 seria ukazywa\u0142a si\u0119 pod nazw\u0105 Zeszyty Naukowe Politechniki \u015awi\u0119tokrzyskiej. Nauki Spo\u0142eczno-Ekonomiczne, a w latach 1994-2006 Nauki Ekonomiczne. Linki do zeskanowanych spis\u00f3w tre\u015bci poszczeg\u00f3lnych zeszyt\u00f3w znajduj\u0105 si\u0119 pod kolejnymi numerami. Numer Rok Tytu\u0142 [&hellip;]<\/p>\n","protected":false},"author":3,"featured_media":0,"parent":0,"menu_order":0,"comment_status":"closed","ping_status":"closed","template":"","meta":{"footnotes":""},"class_list":["post-249","page","type-page","status-publish","hentry"],"_links":{"self":[{"href":"https:\/\/lib.tu.kielce.pl\/index.php\/wp-json\/wp\/v2\/pages\/249","targetHints":{"allow":["GET"]}}],"collection":[{"href":"https:\/\/lib.tu.kielce.pl\/index.php\/wp-json\/wp\/v2\/pages"}],"about":[{"href":"https:\/\/lib.tu.kielce.pl\/index.php\/wp-json\/wp\/v2\/types\/page"}],"author":[{"embeddable":true,"href":"https:\/\/lib.tu.kielce.pl\/index.php\/wp-json\/wp\/v2\/users\/3"}],"replies":[{"embeddable":true,"href":"https:\/\/lib.tu.kielce.pl\/index.php\/wp-json\/wp\/v2\/comments?post=249"}],"version-history":[{"count":0,"href":"https:\/\/lib.tu.kielce.pl\/index.php\/wp-json\/wp\/v2\/pages\/249\/revisions"}],"wp:attachment":[{"href":"https:\/\/lib.tu.kielce.pl\/index.php\/wp-json\/wp\/v2\/media?parent=249"}],"curies":[{"name":"wp","href":"https:\/\/api.w.org\/{rel}","templated":true}]}}